{"id":47,"date":"2026-08-21T10:40:10","date_gmt":"2026-08-21T10:40:10","guid":{"rendered":"https:\/\/www.sterne-rechtsteiner.de\/?page_id=47"},"modified":"2026-08-21T10:55:01","modified_gmt":"2026-08-21T10:55:01","slug":"datenschutz","status":"publish","type":"page","link":"https:\/\/www.sterne-rechtsteiner.de\/?page_id=47","title":{"rendered":"Datenschutz"},"content":{"rendered":"\n<h1 class=\"wp-block-heading\">Datenschutzerkl\u00e4rung<\/h1>\n\n\n\n<h2 class=\"wp-block-heading\">1. Datenschutz auf einen Blick<\/h2>\n\n\n\n<h3 class=\"wp-block-heading\">Allgemeine Hinweise<\/h3>\n\n\n\n<p class=\"wp-block-paragraph\">Die folgenden Hinweise geben einen einfachen \u00dcberblick dar\u00fcber, was mit Ihren personenbezogenen Daten passiert, wenn Sie diese Website besuchen. Personenbezogene Daten sind alle Daten, mit denen Sie pers\u00f6nlich identifiziert werden k\u00f6nnen. Ausf\u00fchrliche Informationen zum Thema Datenschutz entnehmen Sie unserer nachfolgend aufgef\u00fchrten Datenschutzerkl\u00e4rung.<\/p>\n\n\n\n<h3 class=\"wp-block-heading\">Datenerfassung auf dieser Website<\/h3>\n\n\n\n<p class=\"wp-block-paragraph\"><strong>Wer ist verantwortlich f\u00fcr die Datenerfassung auf dieser Website?<\/strong>&nbsp;Die Datenverarbeitung auf dieser Website erfolgt durch den Websitebetreiber. Dessen Kontaktdaten k\u00f6nnen Sie dem Abschnitt \u201eHinweis zur Verantwortlichen Stelle\u201c in dieser Datenschutzerkl\u00e4rung sowie dem Impressum entnehmen.<\/p>\n\n\n\n<p class=\"wp-block-paragraph\"><strong>Wie erfassen wir Ihre Daten?<\/strong>&nbsp;Ihre Daten werden zum einen dadurch erhoben, dass Sie uns diese mitteilen. Hierbei handelt es sich z. B. um Daten, die Sie in ein Kontaktformular eingeben. Andere Daten werden automatisch oder nach Ihrer Einwilligung beim Besuch der Website durch unsere IT-Systeme erfasst. Das sind vor allem technische Daten (z. B. Internetbrowser,&nbsp;Betriebssystem oder Uhrzeit des Seitenaufrufs). Die Erfassung dieser Daten erfolgt automatisch, sobald Sie diese Website betreten.<sup><\/sup><\/p>\n\n\n\n<p class=\"wp-block-paragraph\"><strong>Wof\u00fcr nutzen wir Ihre Daten?<sup><\/sup><\/strong>&nbsp;Ein Teil der Daten wird erhoben, um eine fehlerfreie Bereitstellung der Website zu<sup><\/sup>gew\u00e4hrleisten. Andere Daten k\u00f6nnen zur Bearbeitung Ihrer Kontaktanfragen verwendet werden.<\/p>\n\n\n\n<p class=\"wp-block-paragraph\"><strong>Welche Rechte haben Sie bez\u00fcglich Ihrer Daten?<\/strong>&nbsp;Sie haben jederzeit das Recht, unentgeltlich Auskunft \u00fcber Herkunft, Empf\u00e4nger und Zweck Ihrer gespeicherten personenbezogenen Daten zu erhalten. Sie haben au\u00dferdem ein Recht, die Berichtigung oder L\u00f6schung dieser Daten zu verlangen. Wenn Sie eine Einwilligung&nbsp;zur Datenverarbeitung erteilt haben, k\u00f6nnen Sie diese Einwilligung jederzeit f\u00fcr die Zukunft widerrufen. Zudem haben Sie das Recht, unter bestimmten Umst\u00e4nden die Einschr\u00e4nkung der Verarbeitung Ihrer personenbez<sup><\/sup>ogenen Date<sup><\/sup>n zu verlangen. Des Weiteren steht Ihnen ein Beschwerderecht bei der zust\u00e4ndigen Aufsichtsbeh\u00f6rde zu.<\/p>\n\n\n\n<h2 class=\"wp-block-heading\">2. Verantwortliche Stelle<\/h2>\n\n\n\n<p class=\"wp-block-paragraph\">Verantwortliche Stelle f\u00fcr die Datenverarbeitung auf dieser Website im Sinne der Datenschutz-Grundverordnung (DSGVO) ist:<\/p>\n\n\n\n<p class=\"wp-block-paragraph\"><strong>Aileen Rechtsteiner<\/strong><br><strong>Touristische Dienstleistungen<\/strong><\/p>\n\n\n\n<p class=\"wp-block-paragraph\">Sautierstra\u00dfe 25<\/p>\n\n\n\n<p class=\"wp-block-paragraph\">79104 Freiburg im Breisgau<\/p>\n\n\n\n<p class=\"wp-block-paragraph\">Deutschland<\/p>\n\n\n\n<p class=\"wp-block-paragraph\">Telefon: 0049 163 3730844<\/p>\n\n\n\n<p class=\"wp-block-paragraph\">E-Mail: post@sterne-rechtsteiner.de<\/p>\n\n\n\n<p class=\"wp-block-paragraph\"><\/p>\n\n\n\n<h2 class=\"wp-block-heading\">3. Allgemeine Hinweise und Pflichtinformationen<\/h2>\n\n\n\n<h3 class=\"wp-block-heading\">Rechtsgrundlagen der Verarbeitung<\/h3>\n\n\n\n<p class=\"wp-block-paragraph\">Sofern in dieser Datenschutzerkl\u00e4rung nicht spezifischer angegeben, verarbeiten wir personenbezogene Daten auf folgenden Rechtsgrundlagen:<\/p>\n\n\n\n<ul class=\"wp-block-list\">\n<li><strong>Art. 6 Abs. 1 lit. a DSGVO<\/strong>&nbsp;dient als Rechtsgrundlage f\u00fcr Verarbeitungsvorg\u00e4nge, bei denen wir eine Einwilligung f\u00fcr einen bestimmten Verarbeitungszweck einholen.<\/li>\n\n\n\n<li><strong>Art. 6 Abs. 1 lit. b DSGVO<\/strong>, sofern die Verarbeitung personenbezogener Daten zur Erf\u00fcllung eines Vertrags, dessen Vertragspartei die betroffene Person ist, oder zur Durchf\u00fchrung vorvertraglicher Ma\u00dfnahmen erforderlich ist.<\/li>\n\n\n\n<li><strong>Art. 6 Abs. 1 lit. f DSGVO<\/strong>, wenn die Verarbeitung zur Wahrung der berechtigten Interessen unseres Unternehmens oder eines Dritten erforderlich ist, sofern nicht die Interessen oder Grundrechte und Grundfreiheiten des Betroffenen \u00fcberwiegen.<\/li>\n<\/ul>\n\n\n\n<h3 class=\"wp-block-heading\">Speicherdauer<\/h3>\n\n\n\n<p class=\"wp-block-paragraph\">Soweit innerhalb dieser Datenschutzerkl\u00e4rung keine speziellere Speicherdauer genannt wurde, verbleiben Ihre personenbezogenen Daten bei uns, bis der Zweck f\u00fcr die Datenverarbeitung entf\u00e4llt.&nbsp;Wenn Sie ein berechtigtes L\u00f6schersuchen geltend machen oder eine Einwilligung zur Datenverarbeitung widerrufen, werden Ihre Daten gel\u00f6scht, sofern wir keine anderen rechtlich zul\u00e4ssigen Gr\u00fcnde f\u00fcr die Speicherung Ihrer personenbezogenen Daten haben (z. B. steuer- oder&nbsp;handelsrechtliche Aufbewahrungsfristen); im letztgenannten Fall erfolgt die L\u00f6schung nach Fortfall dieser Gr\u00fcnde.<sup><\/sup><sup><\/sup><\/p>\n\n\n\n<h3 class=\"wp-block-heading\">SSL- bzw. TLS-Verschl\u00fcsselung<sup><\/sup><\/h3>\n\n\n\n<p class=\"wp-block-paragraph\">Diese Seite nutzt aus Sicherheitsgr\u00fcnden und zum Schutz der \u00dcbertragung vertraulich<sup><\/sup>er Inhalte, wie zum Beispiel Anfragen, die Sie an uns als Seitenbetreiber senden, eine SSL- bzw. TLS-Verschl\u00fcsselung. Eine verschl\u00fcsselte Verbindung erkennen Sie daran, dass die Adresszeile des Browsers von \u201ehttp:\/\/\u201c auf \u201ehttps:\/\/\u201c wechselt und an dem Schloss-Symbol in Ihrer Browserzeile.<\/p>\n\n\n\n<p class=\"wp-block-paragraph\">Wenn die SSL- bzw. TLS-Verschl\u00fcsselung aktiviert ist, k\u00f6nnen die Daten, die Sie an uns \u00fcbermitteln, nicht von Dritten mitgelesen werden.<\/p>\n\n\n\n<h3 class=\"wp-block-heading\">Rechte der betroffenen Person<\/h3>\n\n\n\n<p class=\"wp-block-paragraph\">Ihnen stehen nach der DSGVO folgende Rechte zu:<\/p>\n\n\n\n<ul class=\"wp-block-list\">\n<li><strong>Auskunftsrecht (Art. 15 DSGVO):<\/strong>&nbsp;Sie haben das Recht, eine Best\u00e4tigung dar\u00fcber zu verlangen, ob Sie betreffende Daten verarbeitet werden, und auf Auskunft \u00fcber diese Daten.<\/li>\n\n\n\n<li><strong>Recht auf Berichtigung (Art. 16 DSGVO):<\/strong>&nbsp;Sie haben das Recht, unverz\u00fcglich die Berichtigung unrichtiger oder Vervollst\u00e4ndigung Ihrer bei uns gespeicherten Daten zu verlangen.<\/li>\n\n\n\n<li><strong>Recht auf L\u00f6schung (Art. 17 DSGVO):<\/strong>&nbsp;Sie haben das Recht zu verlangen, dass Sie betreffende Daten unverz\u00fcglich gel\u00f6scht werden, sofern einer der gesetzlichen Gr\u00fcnde vorliegt.<\/li>\n\n\n\n<li><strong>Recht auf Einschr\u00e4nkung der Verarbeitung (Art. 18 DSGVO):<\/strong>&nbsp;Sie haben das Recht, die Einschr\u00e4nkung der Verarbeitung zu verlangen.<\/li>\n\n\n\n<li><strong>Recht auf Daten\u00fcbertragbarkeit (Art. 20 DSGVO):<\/strong>&nbsp;Sie haben das Recht, Daten, die wir auf Grundlage Ihrer Einwilligung oder in Erf\u00fcllung eines Vertrags automatisiert verarbeiten, an sich oder an einen Dritten in einem g\u00e4ngigen, maschinenlesbaren Format aush\u00e4ndigen zu lassen.<\/li>\n\n\n\n<li><strong>Widerspruchsrecht (Art. 21 DSGVO):<\/strong>&nbsp;Sie haben das Recht, aus Gr\u00fcnden, die sich aus Ihrer besonderen Situation ergeben, jederzeit gegen die Verarbeitung Sie betreffender personenbezogener Daten, die aufgrund von Art. 6 Abs. 1 lit. e oder f DSGVO erfolgt, Widerspruch einzulegen.<\/li>\n\n\n\n<li><strong>Widerruf Ihrer Einwilligung (Art. 7 Abs. 3 DSGVO):<\/strong>&nbsp;Sie k\u00f6nnen eine einmal erteilte Einwilligung jederzeit f\u00fcr die Zukunft widerrufen.<\/li>\n\n\n\n<li><strong>Beschwerderecht bei der Aufsichtsbeh\u00f6rde (Art. 77 DSGVO):<\/strong>&nbsp;Sie haben das Recht auf Beschwerde bei einer Datenschutz-Aufsichtsbeh\u00f6rde, insbesondere in dem Mitgliedstaat Ihres gew\u00f6hnlichen Aufenthaltsorts, Ihres Arbeitsplatzes oder des Orts des mutma\u00dflichen Versto\u00dfes.<\/li>\n<\/ul>\n\n\n\n<h2 class=\"wp-block-heading\">4. Datenerfassung auf dieser Website<\/h2>\n\n\n\n<h3 class=\"wp-block-heading\">Webhosting<\/h3>\n\n\n\n<p class=\"wp-block-paragraph\">Wir hosten unsere Website bei folgendem Anbieter:<\/p>\n\n\n\n<p class=\"wp-block-paragraph\"><strong>Hostworld<\/strong><\/p>\n\n\n\n<p class=\"wp-block-paragraph\">Wenn Sie unsere Website besuchen, erfasst der Hoster verschiedene Logfiles inklusive Ihrer IP-Adressen. Details entnehmen Sie der <a href=\"https:\/\/www.hostworld.de\/datenschutz\">Datenschutzerkl\u00e4rung des Hosters<\/a>.<\/p>\n\n\n\n<p class=\"wp-block-paragraph\">Die Verwendung des Hosters erfolgt auf Grundlage von&nbsp;<strong>Art. 6 Abs. 1 lit. f DSGVO<\/strong>. Wir haben ein berechtigtes Interesse an einer m\u00f6glichst zuverl\u00e4ssigen Bereitstellung unserer Website.<\/p>\n\n\n\n<p class=\"wp-block-paragraph\"><\/p>\n\n\n\n<h3 class=\"wp-block-heading\">Server-Log-Dateien<\/h3>\n\n\n\n<p class=\"wp-block-paragraph\">Der Provider der Seiten erhebt und speichert automatisch Informationen in so genannten Server-Log-Dateien, die Ihr Browser automatisch an uns \u00fcbermittelt. Dies sind:<\/p>\n\n\n\n<ul class=\"wp-block-list\">\n<li>Browsertyp und Browserversion<\/li>\n\n\n\n<li>Verwendetes Betriebssystem<\/li>\n\n\n\n<li>Referrer URL (die zuvor besuchte Seite)<\/li>\n\n\n\n<li>Hostname des zugreifenden Rechners<\/li>\n\n\n\n<li>Uhrzeit der Serveranfrage<\/li>\n\n\n\n<li>IP-Adresse<\/li>\n<\/ul>\n\n\n\n<p class=\"wp-block-paragraph\">Eine Zusammenf\u00fchrung dieser Daten mit anderen Datenquellen wird nicht vorgenommen.<sup><\/sup><sup><\/sup><sup><\/sup><\/p>\n\n\n\n<p class=\"wp-block-paragraph\">Die Erfassung dieser Daten erfolgt auf Grundlage von&nbsp;<strong>Art. 6 Abs. 1 lit. f DSGVO<sup><\/sup><\/strong>. Der Websitebetreiber hat ein berechtigtes Interesse an der technisch fehlerfreien Darstellung und der Optimierung seiner Web<sup><\/sup>site \u2013 hierzu m\u00fcssen die Server-Log-Files erfasst werde<sup><\/sup>n.<\/p>\n\n\n\n<h3 class=\"wp-block-heading\">Cookies<\/h3>\n\n\n\n<p class=\"wp-block-paragraph\">Unsere Website verwendet ausschlie\u00dflich technisch notwendige Cookies (z. B. Session-Cookies f\u00fcr grundlegende WordPress-Funktionen oder Sicherheitspr\u00fcfungen).<\/p>\n\n\n\n<p class=\"wp-block-paragraph\">Cookies sind kleine Textdateien, die auf Ihrem Endger\u00e4t abgelegt werden und die Ihr Browser speichert. Notwendige Cookies dienen dazu, das Angebot nutzerfreundlich, effektiv und sicher zu machen. Die meisten der von WordPress verwendeten Cookies sind sogenannte \u201eSession-Cookies\u201c, die nach Ende Ihres Besuchs automatisch gel\u00f6scht werden.<\/p>\n\n\n\n<p class=\"wp-block-paragraph\">Die Speicherung technisch notwendiger Cookies und der Zugriff auf Informationen auf Ihrem Endger\u00e4t erfolgt auf Grundlage von&nbsp;<strong>\u00a7 25 Abs. 2 Nr. 2 TDDDG<\/strong>&nbsp;(Telekommunikation-Digitale-Dienste-Datenschutz-Gesetz). Die anschlie\u00dfende Verarbeitung der Daten erfolgt auf Grundlage von&nbsp;<strong>Art. 6 Abs. 1 lit. f DSGVO<\/strong>&nbsp;zur Wahrung unseres berechtigten Interesses an einem reibungslosen und sicheren Betrieb der Website.<\/p>\n\n\n\n<p class=\"wp-block-paragraph\">Wir setzen&nbsp;<strong>keine<\/strong>&nbsp;Cookies zu Marketing-, Werbe- oder Trackingzwecken (wie Google Analytics, Meta Pixel etc.) ein.<\/p>\n\n\n\n<h3 class=\"wp-block-heading\">Kontaktformular<\/h3>\n\n\n\n<p class=\"wp-block-paragraph\">Wenn Sie uns per Kontaktformular Anfragen zukommen lassen, werden Ihre Angaben aus dem Anfrageformular inklusive der von Ihnen dort angegebenen Kontaktdaten (z. B. Name, E-Mail-Adresse, Nachricht sowie ggf. Betreff und Telefonnummer) zwecks Bearbeitung der Anfrage und f\u00fcr den Fall von Anschlussfragen bei uns gespeichert. Diese Daten geben wir nicht ohne Ihre Einwilligung weiter.<\/p>\n\n\n\n<p class=\"wp-block-paragraph\">Die Verarbeitung dieser Daten erfolgt auf Grundlage von&nbsp;<strong>Art. 6 Abs. 1 lit. b DSGVO<\/strong>, sofern Ihre Anfrage mit der Erf\u00fcllung eines Vertrags zusammenh\u00e4ngt oder zur Durchf\u00fchrung vorvertraglicher Ma\u00dfnahmen erforderlich ist. In allen \u00fcbrigen F\u00e4llen beruht die Verarbeitung auf unserem berechtigten Interesse an der effektiven Bearbeitung der an uns gerichteten Anfragen (<strong>Art. 6 Abs. 1 lit. f DSGVO<\/strong>) bzw. auf Ihrer Einwilligung (<strong>Art. 6 Abs. 1 lit. a DSGVO<\/strong>), sofern diese abgefragt wurde.<\/p>\n\n\n\n<p class=\"wp-block-paragraph\">Die von Ihnen im Kontaktformular eingegebenen Daten verbleiben bei uns, bis Sie uns zur L\u00f6schung auffordern, Ihre Einwilligung zur Speicherung widerrufen oder der Zweck f\u00fcr die Datenspeicherung entf\u00e4llt (z. B. nach abgeschlossener Bearbeitung Ihrer Anfrage). Zwingende gesetzliche Bestimmungen \u2013 insbesondere Aufbewahrungsfristen \u2013 bleiben unber\u00fchrt.<\/p>\n\n\n\n<h3 class=\"wp-block-heading\">Anfragen per E-Mail oder Telefon<\/h3>\n\n\n\n<p class=\"wp-block-paragraph\">Wenn Sie uns per E-Mail oder Telefon kontaktieren, wird Ihre Anfrage inklusive aller daraus hervorgehenden personenbezogenen Daten (Name, Anfrage) zum Zwecke der Bearbeitung Ihres Anliegens bei uns gespeichert und verarbeitet. Die Rechtsgrundlagen und die Speicherdauer entsprechen den Angaben zum Kontaktformular.<\/p>\n","protected":false},"excerpt":{"rendered":"<p>Datenschutzerkl\u00e4rung 1. Datenschutz auf einen Blick Allgemeine Hinweise Die folgenden Hinweise geben einen einfachen \u00dcberblick dar\u00fcber, was mit Ihren personenbezogenen Daten passiert, wenn Sie diese Website besuchen. Personenbezogene Daten sind alle Daten, mit denen Sie pers\u00f6nlich identifiziert werden k\u00f6nnen. Ausf\u00fchrliche Informationen zum Thema Datenschutz entnehmen Sie unserer nachfolgend aufgef\u00fchrten Datenschutzerkl\u00e4rung. Datenerfassung auf dieser Website Wer [&hellip;]<\/p>\n","protected":false},"author":1,"featured_media":0,"parent":0,"menu_order":0,"comment_status":"closed","ping_status":"closed","template":"","meta":{"footnotes":""},"class_list":["post-47","page","type-page","status-publish","hentry"],"_links":{"self":[{"href":"https:\/\/www.sterne-rechtsteiner.de\/index.php?rest_route=\/wp\/v2\/pages\/47","targetHints":{"allow":["GET"]}}],"collection":[{"href":"https:\/\/www.sterne-rechtsteiner.de\/index.php?rest_route=\/wp\/v2\/pages"}],"about":[{"href":"https:\/\/www.sterne-rechtsteiner.de\/index.php?rest_route=\/wp\/v2\/types\/page"}],"author":[{"embeddable":true,"href":"https:\/\/www.sterne-rechtsteiner.de\/index.php?rest_route=\/wp\/v2\/users\/1"}],"replies":[{"embeddable":true,"href":"https:\/\/www.sterne-rechtsteiner.de\/index.php?rest_route=%2Fwp%2Fv2%2Fcomments&post=47"}],"version-history":[{"count":2,"href":"https:\/\/www.sterne-rechtsteiner.de\/index.php?rest_route=\/wp\/v2\/pages\/47\/revisions"}],"predecessor-version":[{"id":54,"href":"https:\/\/www.sterne-rechtsteiner.de\/index.php?rest_route=\/wp\/v2\/pages\/47\/revisions\/54"}],"wp:attachment":[{"href":"https:\/\/www.sterne-rechtsteiner.de\/index.php?rest_route=%2Fwp%2Fv2%2Fmedia&parent=47"}],"curies":[{"name":"wp","href":"https:\/\/api.w.org\/{rel}","templated":true}]}}